{"id":437,"date":"2024-09-23T14:30:11","date_gmt":"2024-09-23T12:30:11","guid":{"rendered":"https:\/\/lacourroieasso.fr\/?page_id=437"},"modified":"2025-07-01T16:02:19","modified_gmt":"2025-07-01T14:02:19","slug":"programme-et-organisateurs","status":"publish","type":"page","link":"https:\/\/lacourroieasso.fr\/index.php\/jnoip-2025\/programme-et-organisateurs\/","title":{"rendered":"Programme et organisateurs"},"content":{"rendered":"\n<figure class=\"wp-block-pullquote\"><blockquote><p><mark style=\"background-color:rgba(0, 0, 0, 0);color:#004a95\" class=\"has-inline-color\">Journ\u00e9es nationales de l&rsquo;orientation <br>et de l&rsquo;insertion professionnelle : <\/mark><\/p><cite><mark style=\"background-color:rgba(0, 0, 0, 0)\" class=\"has-inline-color has-blue-color\">IntelligenceS, \u00e9volutions <br>des parcours et des pratiques<\/mark><\/cite><\/blockquote><\/figure>\n\n\n\n<p style=\"font-size:22px\"><a href=\"#section1\">Jour 1<\/a><\/p>\n\n\n\n<h2 class=\"wp-block-heading\" style=\"font-size:22px\"><a href=\"#section2\">Jour 2<\/a><\/h2>\n\n\n\n<h2 class=\"wp-block-heading\" style=\"font-size:22px\"><a href=\"#section3\">Jour 3<\/a><\/h2>\n\n\n\n<p style=\"font-size:22px\"><mark style=\"background-color:rgba(0, 0, 0, 0)\" class=\"has-inline-color has-blue-color\"><a href=\"#section4\">Les 30 ans du ProjetPro<\/a><\/mark><br><br><a href=\"#section5\">Activit\u00e9s conviviales<\/a><br><\/p>\n\n\n\n<hr class=\"wp-block-separator has-alpha-channel-opacity\"\/>\n\n\n\n<h2 class=\"wp-block-heading has-large-font-size\" id=\"section1\"><strong><mark style=\"background-color:rgba(0, 0, 0, 0)\" class=\"has-inline-color has-blue-color\">Jour 1<\/mark><\/strong> <mark style=\"background-color:rgba(0, 0, 0, 0)\" class=\"has-inline-color has-blue-color\">: mercredi 2 juillet<\/mark><\/h2>\n\n\n\n<ul class=\"wp-block-list\">\n<li>A partir de 11h : Accueil des participant\u00b7es<br><\/li>\n\n\n\n<li>12h-13h30 : Caf\u00e9 de bienvenue<br><\/li>\n\n\n\n<li>13h30 : <strong>Ouverture &#8211; Discours officiel<\/strong><\/li>\n<\/ul>\n\n\n\n<ul class=\"wp-block-list\">\n<li>14h-15h30 : <strong>Conf\u00e9rence : \u00ab\u00a0Apprendre \u00e0 penser par et contre soi-m\u00eame, un enjeu pour exprimer son intelligence\u00a0\u00bb <\/strong><br>Amphi Cavaill\u00e8s<br>Intervenant : Gr\u00e9goire BORST, <em>Docteur, Professeur de Psychologie du d\u00e9veloppement et de neurosciences cognitives de l&rsquo;\u00e9ducation \u00e0 l&rsquo;Universit\u00e9 Paris Descartes, directeur du Laboratoire de Psychologie du D\u00e9veloppement et de l\u2019\u00c9ducation de l\u2019enfant (CNRS).<\/em><\/li>\n<\/ul>\n\n\n\n<style>\n  .hidden-content {\n    display: none;\n    margin-top: 10px;\n  }\n  .voir-plus-btn {\n    cursor: pointer;\n    color: #0073aa;\n    text-decoration: underline;\n  }\n<\/style>\n\n<div>\n  <span class=\"voir-plus-btn\" onclick=\"this.nextElementSibling.style.display = (this.nextElementSibling.style.display === 'none') ? 'block' : 'none'; this.textContent = (this.textContent === 'Voir plus...') ? 'Voir moins...' : 'Voir plus...';\">\n    Voir plus&#8230;\n  <\/span>\n  <div class=\"hidden-content\">\n    R\u00e9sum\u00e9 : L&rsquo;adolescence est une p\u00e9riode particuli\u00e8re du d\u00e9veloppement c\u00e9r\u00e9bral qui a des r\u00e9percussions sur les apprentissages, \u00e0 l&rsquo;\u00e9cole et dans la vie quotidienne, mais aussi sur la prise de d\u00e9cisions. Dans cette conf\u00e9rence, nous pr\u00e9ciserons les sp\u00e9cificit\u00e9s du cerveau adolescent et les diff\u00e9rents facteurs cognitifs, sociaux et \u00e9motionnels et en particulier la capacit\u00e9 \u00e0 penser par et contre soi-m\u00eame, comp\u00e9tences au coeur de notre intelligence d\u00e9cisionnelle.\n\n  <\/div>\n<\/div>\n<BR>\n\n\n\n<ul class=\"wp-block-list\">\n<li>16h-17h30 : <strong>Conf\u00e9rence : \u00ab\u00a0L\u2019intelligence artificielle dans l\u2019orientation et l\u2019insertion\u00a0\u00bb<\/strong><br>Amphi Cavaill\u00e8s<br>Intervenant : Jean-Gabriel Ganascia, <em>informaticien, philosophe et professeur d\u2019informatique \u00e0 la Sorbonne, o\u00f9 il m\u00e8ne des recherches sur l\u2019IA au LIP6.<\/em><\/li>\n<\/ul>\n\n\n\n<style>\n  .hidden-content {\n    display: none;\n    margin-top: 10px;\n  }\n  .voir-plus-btn {\n    cursor: pointer;\n    color: #0073aa;\n    text-decoration: underline;\n  }\n<\/style>\n\n<div>\n  <span class=\"voir-plus-btn\" onclick=\"this.nextElementSibling.style.display = (this.nextElementSibling.style.display === 'none') ? 'block' : 'none'; this.textContent = (this.textContent === 'Voir plus...') ? 'Voir moins...' : 'Voir plus...';\">\n    Voir plus&#8230;\n  <\/span>\n  <div class=\"hidden-content\">\n    R\u00e9sum\u00e9 : Apr\u00e8s un rappel des notions fondamentales d\u2019informatique et d\u2019IA, puis un historique rapide de l\u2019IA, de ses m\u00e9thodes et de ses applications pratiques les plus en vogue, l\u2019expos\u00e9 portera plus pr\u00e9cis\u00e9ment sur son utilisation pour aider les conseillers d\u2019orientation. Nous verrons alors que le recrutement fait de plus en plus souvent appel \u00e0 un profilage des personnes, puis \u00e0 un appariement des profils individuels et des postes, et comment ce m\u00eame profilage et ce m\u00eame appariement pourraient profiter aux conseillers d\u2019orientation. Au del\u00e0 du recrutement et de l\u2019orientation, l\u2019IA peut \u00eatre mise \u00e0 profit dans beaucoup d\u2019op\u00e9rations au cours de ces processus, en particulier pour enregistrer, transcrire et analyser les documents et les entretiens. On sait que de plus en plus de personnes recourent \u00e0 des techniques d\u2019intelligence artificielle g\u00e9n\u00e9rative pour r\u00e9diger, en particulier pour r\u00e9diger leur CV. Tout en amoindrissant leurs facult\u00e9s d\u2019\u00e9criture, ces textes g\u00e9n\u00e9r\u00e9s automatiquement renvoient une image tr\u00e8s st\u00e9r\u00e9otyp\u00e9e de ces personnes, ce qui peut leur \u00eatre fort dommageable. Tout cela nous conduira \u00e0 aborder, dans une derni\u00e8re partie, l\u2019\u00e9volution des m\u00e9tiers qui r\u00e9sulte du d\u00e9ploiement massif de l\u2019intelligence artificielle dans tous les pans de la soci\u00e9t\u00e9 ainsi que les questions \u00e9thiques que cela suscite.\n\n  <\/div>\n<\/div>\n<BR>\n\n\n\n<ul class=\"wp-block-list\">\n<li>A partir de 17h30 : <strong>activit\u00e9s\/visites <\/strong>(sur inscription pr\u00e9alable) :<br>Merci de vous rendre sur place 15 minutes en avance minimum pour toutes les activit\u00e9s et de penser \u00e0 d\u00e9poser vos bagages en amont pour plus de tranquillit\u00e9. <br><br>&#8211; <strong>Plan\u00e9tarium<\/strong> du jardin des sciences (1h) : <a href=\"https:\/\/maps.app.goo.gl\/gFuAo94QaGq9w96D9\" data-type=\"link\" data-id=\"https:\/\/maps.app.goo.gl\/gFuAo94QaGq9w96D9\">27 boulevard de la Victoire, Strasbourg<\/a><br><strong>Rendez-vous \u00e0 18h15 au plus tard <\/strong>(fermeture des portes et d\u00e9but de la s\u00e9ance \u00e0 18h30).<br>Un d\u00e9part group\u00e9 est propos\u00e9 \u00e0 18h devant le Patio. <br><br>&#8211; <strong>B\u00e2teau mouche<\/strong> (attention : aucun retard ne sera accept\u00e9 et les bagages ne sont pas autoris\u00e9s \u00e0 bord) (1h). <br>D\u00e9part : Embarcad\u00e8re BATORAMA Cath\u00e9drale, <a href=\"https:\/\/maps.app.goo.gl\/7worcDPkkXyEkkfC7\" data-type=\"link\" data-id=\"https:\/\/maps.app.goo.gl\/7worcDPkkXyEkkfC7\">place du march\u00e9 aux poissons, Strasbourg<\/a><br><strong>Rendez-vous \u00e0 18h45 au plus tard. <\/strong><br>Un d\u00e9part group\u00e9 est propos\u00e9 \u00e0 18h devant le Patio. <br><br>&#8211; <strong>Visite de la vieille ville de Strasbourg<\/strong> (1h30). <br>D\u00e9part : Office du tourisme, <a href=\"https:\/\/maps.app.goo.gl\/dXmovH9VfksFhqNn8\" data-type=\"link\" data-id=\"https:\/\/maps.app.goo.gl\/dXmovH9VfksFhqNn8\">17 place de la cath\u00e9drale, Strasbourg<\/a><br><strong>Rendez-vous \u00e0 18h15 au plus tard. <\/strong><br>Un d\u00e9part group\u00e9 est propos\u00e9 \u00e0 17h45 devant le Patio.<\/li>\n<\/ul>\n\n\n\n<hr class=\"wp-block-separator has-alpha-channel-opacity\"\/>\n\n\n\n<h2 class=\"wp-block-heading has-large-font-size\" id=\"section2\"><strong><mark style=\"background-color:rgba(0, 0, 0, 0)\" class=\"has-inline-color has-blue-color\">Jour 2<\/mark><\/strong> <mark style=\"background-color:rgba(0, 0, 0, 0)\" class=\"has-inline-color has-blue-color\">: jeudi 3 juillet<\/mark><\/h2>\n\n\n\n<p><mark style=\"background-color:#76c6c7\" class=\"has-inline-color has-white-color\">MATIN<\/mark><\/p>\n\n\n\n<ul class=\"wp-block-list\">\n<li>8h30-9h : Accueil des participant\u00b7es &#8211; Caf\u00e9 de bienvenue<\/li>\n<\/ul>\n\n\n\n<ul class=\"wp-block-list\">\n<li>9h-10h15 : (conf\u00e9rence au choix)<br>&gt; Conf\u00e9rence A : <strong>\u00ab\u00a0De l\u2019importance des \u00e9motions chez les conseiller\u00b7es en orientation\u00a0\u00bb<\/strong><br>Amphi Cavaill\u00e8s<br>Intervenant : Thomas Pirsoul, <em>PhD \u2013 Chercheur et charg\u00e9 de cours invit\u00e9, Laboratoire d&rsquo;Etudes sur les Nouvelles formes de Travail, l&rsquo;Innovation et le Changement (<em>LENTIC<\/em>), HEC Li\u00e8ge \u2013 Management School, Universit\u00e9 de Li\u00e8ge<\/em><\/li>\n<\/ul>\n\n\n\n<style>\n  .hidden-content {\n    display: none;\n    margin-top: 10px;\n  }\n  .voir-plus-btn {\n    cursor: pointer;\n    color: #0073aa;\n    text-decoration: underline;\n  }\n<\/style>\n\n<div>\n  <span class=\"voir-plus-btn\" onclick=\"this.nextElementSibling.style.display = (this.nextElementSibling.style.display === 'none') ? 'block' : 'none'; this.textContent = (this.textContent === 'Voir plus...') ? 'Voir moins...' : 'Voir plus...';\">\n    Voir plus&#8230;\n  <\/span>\n  <div class=\"hidden-content\">\n    R\u00e9sum\u00e9 : Bien que la profession de conseiller d\u2019orientation suscite un int\u00e9r\u00eat croissant, la majorit\u00e9 des \u00e9tudes s\u2019est concentr\u00e9e sur les interactions entre conseillers et b\u00e9n\u00e9ficiaires ainsi que sur les effets des interventions sur ces derniers. \nNous disposons n\u00e9anmoins de moins d\u2019informations sur la mani\u00e8re dont les conseillers g\u00e8rent leurs \u00e9motions et sur les d\u00e9fis qu\u2019ils rencontrent au quotidien. \nCet expos\u00e9 a pour objectif de dresser un \u00e9tat des lieux de la litt\u00e9rature scientifique et de pr\u00e9senter les r\u00e9sultats de plusieurs \u00e9tudes men\u00e9es en Belgique et en Suisse, qui explorent les d\u00e9fis et le v\u00e9cu \u00e9motionnel des conseillers en orientation.\n\n  <\/div>\n<\/div>\n<BR>\n\n\n\n<p>&gt; Conf\u00e9rence B : <strong>\u00ab\u00a0L\u2019orientation scolaire \u00e0 l\u2019\u00e8re de l\u2019incertitude : un cadre \u00e0 red\u00e9finir\u00a0\u00bb<\/strong><br>Amphi 2 : S\u00e9bastien Brant<br>Intervenant : Damien Canzittu, <em>PhD \u2013 <em>Sciences de l&rsquo;\u00e9ducation, Orientation scolaire, Approche orientante<\/em> <\/em>&#8211; <em>Universit\u00e9 de Mons &#8211; Belgique<\/em><\/p>\n\n\n\n<style>\n  .hidden-content {\n    display: none;\n    margin-top: 10px;\n  }\n  .voir-plus-btn {\n    cursor: pointer;\n    color: #0073aa;\n    text-decoration: underline;\n  }\n<\/style>\n\n<div>\n  <span class=\"voir-plus-btn\" onclick=\"this.nextElementSibling.style.display = (this.nextElementSibling.style.display === 'none') ? 'block' : 'none'; this.textContent = (this.textContent === 'Voir plus...') ? 'Voir moins...' : 'Voir plus...';\">\n    Voir plus&#8230;\n  <\/span>\n  <div class=\"hidden-content\">\n    R\u00e9sum\u00e9 : Cette pr\u00e9sentation explore l\u2019int\u00e9gration de l\u2019accompagnement \u00e0 l\u2019orientation dans le cadre scolaire en s\u2019appuyant sur un mod\u00e8le collectif de l\u2019orientation, la notion de monde VUCA et l\u2019approche \u00e9ducative de l\u2019orientation. Face \u00e0 un avenir incertain, elle propose un mod\u00e8le d\u2019accompagnement favorisant justice sociale, travail d\u00e9cent et durabilit\u00e9, pour une orientation plus inclusive et adapt\u00e9e aux d\u00e9fis contemporains.\n\n  <\/div>\n<\/div>\n<BR>\n\n\n\n<ul class=\"wp-block-list\">\n<li>11h-12h : (au choix)<br>&gt; <strong>Assembl\u00e9e g\u00e9n\u00e9rale de la COURROIE<\/strong><br>Amphi 2 : S\u00e9bastien Brant<br>&gt; Conf\u00e9rence : <strong>\u00ab\u00a0<strong>La cr\u00e9ativit\u00e9 et nous : d\u00e9couverte, exp\u00e9rimentation, principes de bas<\/strong>e\u00a0\u00bb<\/strong><br>Amphi Cavaill\u00e8s<br>Intervenant : Daniela Journet, <em>Formatrice de professionnels \u00e0 la d\u00e9marche exp\u00e9rientielle \u00e9ducative, animatrice de s\u00e9minaires de d\u00e9veloppement de la cr\u00e9ativit\u00e9, intervenante en analyse de pratiques professionnelles, praticienne de l\u2019accompagnement<\/em>.<\/li>\n<\/ul>\n\n\n\n<style>\n  .hidden-content {\n    display: none;\n    margin-top: 10px;\n  }\n  .voir-plus-btn {\n    cursor: pointer;\n    color: #0073aa;\n    text-decoration: underline;\n  }\n<\/style>\n\n<div>\n  <span class=\"voir-plus-btn\" onclick=\"this.nextElementSibling.style.display = (this.nextElementSibling.style.display === 'none') ? 'block' : 'none'; this.textContent = (this.textContent === 'Voir plus...') ? 'Voir moins...' : 'Voir plus...';\">\n    Voir plus&#8230;\n  <\/span>\n  <div class=\"hidden-content\">\n    R\u00e9sum\u00e9 : Dans cette intervention, il s\u2019agira d\u2019explorer les conditions favorables \u00e0 l\u2019expression de la cr\u00e9ativit\u00e9, individuelle et collective. Un premier temps participatif permettra de cr\u00e9er un climat propice \u00e0 l\u2019\u00e9change et \u00e0 l\u2019imagination, \u00e0 travers une activit\u00e9 brise-glace visant \u00e0 activer les talents cr\u00e9atifs de chacun. Cette mise en mouvement introduira les grands principes du processus cr\u00e9atif, articul\u00e9 en deux temps : pens\u00e9e divergente puis pens\u00e9e convergente. Les r\u00e8gles cl\u00e9s de ces deux formes de pens\u00e9e seront pr\u00e9cis\u00e9es, ainsi que les diff\u00e9rents leviers de la cr\u00e9ativit\u00e9. L\u2019objectif est de permettre \u00e0 chacun de s\u2019autoriser \u00e0 \u00eatre pleinement cr\u00e9atif et productif dans les ateliers qui suivront, en s\u2019appuyant sur des rep\u00e8res concrets. Une seconde activit\u00e9 viendra prolonger cette dynamique, en pr\u00e9paration d\u2019un temps collectif \u00e0 venir : un moment ludique et stimulant, pens\u00e9 pour raviver l\u2019\u00e9nergie et favoriser l\u2019engagement dans la r\u00e9flexion commune du vendredi matin.\n\n  <\/div>\n<\/div>\n<BR>\n\n\n\n<p><mark style=\"background-color:#76c6c7\" class=\"has-inline-color has-white-color\">APR\u00c8S-MIDI<\/mark><\/p>\n\n\n\n<p>2 phases d\u2019ateliers : chaque participant\u00b7e choisit 2 ateliers cons\u00e9cutifs <\/p>\n\n\n\n<ul class=\"wp-block-list\">\n<li>14h-15h30 : <strong>1\u00e8re s\u00e9rie d&rsquo;ateliers pratiques<\/strong><\/li>\n\n\n\n<li>16h-17h30 : <strong>2\u00e8me s\u00e9rie d&rsquo;ateliers pratiques<\/strong><\/li>\n<\/ul>\n\n\n\n<h2 class=\"wp-block-heading has-text-align-center\" style=\"font-size:18px\"><a href=\"https:\/\/seafile.unistra.fr\/f\/59eecbe91ea04a7b9b41\/\">Consultez la liste des ateliers et les salles attribu\u00e9es<\/a><\/h2>\n\n\n\n<p><mark style=\"background-color:#76c6c7\" class=\"has-inline-color has-white-color\">SOIR<\/mark><\/p>\n\n\n\n<ul class=\"wp-block-list\">\n<li>A partir de 19h : <strong>Soir\u00e9e de gala<\/strong>.<\/li>\n\n\n\n<li>Lieu : <strong><a href=\"https:\/\/maps.app.goo.gl\/A2u2FbBtetpwro156\">Palais Universitaire<\/a><\/strong>, tr\u00e8s facile d&rsquo;acc\u00e8s en transport en commun et situ\u00e9 aux abords du centre-ville et \u00e0 proximit\u00e9 du lieu des JNOIP.<\/li>\n<\/ul>\n\n\n\n<hr class=\"wp-block-separator has-alpha-channel-opacity\"\/>\n\n\n\n<h2 class=\"wp-block-heading has-large-font-size\" id=\"section3\"><strong><mark style=\"background-color:rgba(0, 0, 0, 0)\" class=\"has-inline-color has-blue-color\">Jour 3<\/mark><\/strong><mark style=\"background-color:rgba(0, 0, 0, 0)\" class=\"has-inline-color has-blue-color\"> : vendredi 4 juillet<\/mark><\/h2>\n\n\n\n<ul class=\"wp-block-list\">\n<li>8h30-9h : Accueil des participant\u00b7es &#8211; Caf\u00e9 de bienvenue<br><\/li>\n\n\n\n<li>9h-9h20 : Activit\u00e9 cr\u00e9ative<br><\/li>\n\n\n\n<li>9h30-11h : <strong>Ateliers collaboratifs : comment faire \u00e9voluer nos pratiques ?<\/strong> <br>(<em>chaque participant\u00b7e sera regroup\u00e9\u00b7e en sous-groupe selon sa \u00ab&nbsp;fonction&nbsp;\u00bb identifi\u00e9e (ex&nbsp;: documentaliste, PsyEn, etc.)<\/em><br><\/li>\n\n\n\n<li>11h-12h15 : Cl\u00f4ture des journ\u00e9es <\/li>\n<\/ul>\n\n\n\n<hr class=\"wp-block-separator has-alpha-channel-opacity\"\/>\n\n\n\n<p class=\"has-large-font-size\" id=\"section4\"><mark style=\"background-color:rgba(0, 0, 0, 0)\" class=\"has-inline-color has-blue-color\">Les 30 ans du ProjetPro <\/mark><\/p>\n\n\n\n<p>Une invitation \u00e0 d\u00e9couvrir une s\u00e9rie de t\u00e9moignages qui mettent en \u00e9vidence l&rsquo;\u00e9volution des modules de ProjetPro dans nos formations universitaires, les apports et, aussi, les \u00e9motions et le ressenti de tous, des intervenant.es aux \u00e9tudiant.es.<\/p>\n\n\n\n<hr class=\"wp-block-separator has-alpha-channel-opacity\"\/>\n\n\n\n<p class=\"has-large-font-size\" id=\"section5\"><mark style=\"background-color:rgba(0, 0, 0, 0)\" class=\"has-inline-color has-blue-color\">Activit\u00e9s conviviales <\/mark><\/p>\n\n\n\n<p>En plus des temps de travail et d\u2019\u00e9changes, nous vous proposons plusieurs animations<br>conviviales pour favoriser les rencontres, les discussions informelles et la dynamique r\u00e9seau.<br>Profitez-en librement tout au long de l\u2019\u00e9v\u00e9nement !<\/p>\n\n\n\n<p style=\"font-size:18px\"><strong>L\u2019Arbre \u00e0 Souhaits<\/strong><\/p>\n\n\n\n<p>Et vous, comment imaginez-vous les services d\u2019orientation et d\u2019insertion de demain ?<br>\ud83d\udc49 Inscrivez un mot, une id\u00e9e, un souhait\u2026 et accrochez-le dans l\u2019arbre !<br>Un geste symbolique pour semer ensemble des id\u00e9es d\u2019avenir !<\/p>\n\n\n\n<p style=\"font-size:18px\"><strong>La Carte des Services d\u2019orientation et d\u2019insertion professionnelle<\/strong><\/p>\n\n\n\n<p>Visualisons la richesse de notre r\u00e9seau !<br>\ud83d\udc49 Prenez une photo, notez votre universit\u00e9 et votre service, et collez-la sur la ville d\u2019o\u00f9 vous venez !<\/p>\n\n\n\n<p style=\"font-size:18px\"><strong>Le Bar \u00e0 Sirops<\/strong><\/p>\n\n\n\n<p>Un espace rafra\u00eechissant pour vos pauses :<br>\ud83d\udc49 30 parfums de sirops, du plus classique au plus original, \u00e0 d\u00e9couvrir et \u00e0 tester.<br>Envie d\u2019un twist dans votre caf\u00e9 ?<br>\ud83d\udc49 Vanille, caramel, noisette, tiramisu, pistache\u2026 goutez nos sirops gourmands pour une<br>pause tout en douceur.<br>Installez-vous, servez-vous\u2026 et partagez vos coups de c\u0153ur !<\/p>\n\n\n\n<p style=\"font-size:18px\"><strong>Les Gommettes Fonctions<\/strong><\/p>\n\n\n\n<p>Pour se rep\u00e9rer entre pairs :<br>\ud83d\udc49 Collez une gommette sur votre badge en fonction de votre m\u00e9tier !<br>Une mani\u00e8re simple de favoriser les connexions entre coll\u00e8gues aux missions similaires.<\/p>\n\n\n\n<p><strong>Ces animations sont en acc\u00e8s libre pendant toute la dur\u00e9e des JNOIP.<\/strong><br>N\u2019h\u00e9sitez pas \u00e0 participer, \u00e0 \u00e9changer, \u00e0 sourire, \u00e0 vous amuser\u2026 et \u00e0 faire r\u00e9seau autrement !<\/p>\n","protected":false},"excerpt":{"rendered":"<p>Journ\u00e9es nationales de l&rsquo;orientation et de l&rsquo;insertion professionnelle : IntelligenceS, \u00e9volutions des parcours et des pratiques Jour 1 Jour 2 Jour 3 Les 30 ans du ProjetPro Activit\u00e9s conviviales Jour 1 : mercredi 2 juillet Voir plus&#8230; R\u00e9sum\u00e9 : L&rsquo;adolescence &hellip; <a href=\"https:\/\/lacourroieasso.fr\/index.php\/jnoip-2025\/programme-et-organisateurs\/\">Continuer la lecture <span class=\"meta-nav\">&rarr;<\/span><\/a><\/p>\n","protected":false},"author":1,"featured_media":0,"parent":426,"menu_order":0,"comment_status":"closed","ping_status":"closed","template":"","meta":{"footnotes":""},"class_list":["post-437","page","type-page","status-publish","hentry"],"_links":{"self":[{"href":"https:\/\/lacourroieasso.fr\/index.php\/wp-json\/wp\/v2\/pages\/437","targetHints":{"allow":["GET"]}}],"collection":[{"href":"https:\/\/lacourroieasso.fr\/index.php\/wp-json\/wp\/v2\/pages"}],"about":[{"href":"https:\/\/lacourroieasso.fr\/index.php\/wp-json\/wp\/v2\/types\/page"}],"author":[{"embeddable":true,"href":"https:\/\/lacourroieasso.fr\/index.php\/wp-json\/wp\/v2\/users\/1"}],"replies":[{"embeddable":true,"href":"https:\/\/lacourroieasso.fr\/index.php\/wp-json\/wp\/v2\/comments?post=437"}],"version-history":[{"count":101,"href":"https:\/\/lacourroieasso.fr\/index.php\/wp-json\/wp\/v2\/pages\/437\/revisions"}],"predecessor-version":[{"id":976,"href":"https:\/\/lacourroieasso.fr\/index.php\/wp-json\/wp\/v2\/pages\/437\/revisions\/976"}],"up":[{"embeddable":true,"href":"https:\/\/lacourroieasso.fr\/index.php\/wp-json\/wp\/v2\/pages\/426"}],"wp:attachment":[{"href":"https:\/\/lacourroieasso.fr\/index.php\/wp-json\/wp\/v2\/media?parent=437"}],"curies":[{"name":"wp","href":"https:\/\/api.w.org\/{rel}","templated":true}]}}